{"id":1555,"date":"2024-06-27T13:59:12","date_gmt":"2024-06-27T11:59:12","guid":{"rendered":"https:\/\/www.artworking.de\/galerie\/?page_id=1555"},"modified":"2024-07-10T15:23:05","modified_gmt":"2024-07-10T13:23:05","slug":"artworking-stellt-aus","status":"publish","type":"page","link":"https:\/\/www.artworking.de\/galerie\/","title":{"rendered":"ARTWORKING stellt aus"},"content":{"rendered":"\n<div class=\"wp-block-cover alignfull is-light has-parallax\" style=\"min-height:300px;aspect-ratio:unset;\"><span aria-hidden=\"true\" class=\"wp-block-cover__background has-black-background-color has-background-dim-30 has-background-dim\"><\/span><div role=\"img\" class=\"wp-block-cover__image-background wp-image-16 has-parallax\" style=\"background-position:50% 50%;background-image:url(https:\/\/www.artworking.de\/galerie\/wp-content\/uploads\/sites\/2\/2014\/04\/art1000x578.jpg)\"><\/div><div class=\"wp-block-cover__inner-container is-layout-flow wp-block-cover-is-layout-flow\">\n<h2 class=\"wp-block-heading has-text-align-center has-ast-global-color-4-color has-text-color\">ARTWOKING STELLT AUS<\/h2>\n<\/div><\/div>\n\n\n\n<h3 class=\"wp-block-heading\">&nbsp;<\/h3>\n\n\n\n<h2 class=\"wp-block-heading has-text-align-center\">ARTWORKING NEWS<\/h2>\n\n\n\n\t\t\t<div class=\"wp-block-uagb-post-grid uagb-post-grid  uagb-post__image-position-top uagb-post__image-enabled uagb-block-a97a20a0     uagb-post__items uagb-post__columns-4 is-grid uagb-post__columns-tablet-2 uagb-post__columns-mobile-1 uagb-post__equal-height\" data-total=\"6\" style=\"\">\n\n\t\t\t\t\t\t\t\t\t\t\t\t<article class=\"uagb-post__inner-wrap\">\t\t\t\t\t\t\t\t<div class='uagb-post__image'>\n\t\t\t\t\t\t\t\t\t<a href=\"https:\/\/www.artworking.de\/galerie\/salvador-d\/\" target=\"_self\" rel=\"bookmark noopener noreferrer\" class='uagb-image-ratio-inherit'><img loading=\"lazy\" decoding=\"async\" width=\"757\" height=\"1024\" src=\"https:\/\/www.artworking.de\/galerie\/wp-content\/uploads\/sites\/2\/2025\/11\/dali80x60_web-757x1024.jpg\" class=\"attachment-large size-large\" alt=\"FotoART\" srcset=\"https:\/\/www.artworking.de\/galerie\/wp-content\/uploads\/sites\/2\/2025\/11\/dali80x60_web-757x1024.jpg 757w, https:\/\/www.artworking.de\/galerie\/wp-content\/uploads\/sites\/2\/2025\/11\/dali80x60_web-222x300.jpg 222w, https:\/\/www.artworking.de\/galerie\/wp-content\/uploads\/sites\/2\/2025\/11\/dali80x60_web-768x1039.jpg 768w, https:\/\/www.artworking.de\/galerie\/wp-content\/uploads\/sites\/2\/2025\/11\/dali80x60_web-1135x1536.jpg 1135w, https:\/\/www.artworking.de\/galerie\/wp-content\/uploads\/sites\/2\/2025\/11\/dali80x60_web.jpg 1478w\" sizes=\"auto, (max-width: 757px) 100vw, 757px\" title=\"FotoART\" \/>\t\t\t\t\t<\/a>\n\t\t\t\t\t\t\t<\/div>\n\t\t\t\t\t\t<h4 class=\"uagb-post__title uagb-post__text\">\n\t\t\t\t<a href=\"https:\/\/www.artworking.de\/galerie\/salvador-d\/\" target=\"_self\" rel=\"bookmark noopener noreferrer\">Salvador D.<\/a>\n\t\t\t<\/h4>\n\t\t\t\t\t\t<div class='uagb-post__text uagb-post-grid-byline'>\n\t\t\t\t\t\t\t<\/div>\n\t\t\t\t\t\t<div class=\"uagb-post__text uagb-post__cta wp-block-button\">\n\t\t\t\t<a class=\"wp-block-button__link uagb-text-link\" style=\"\" href=\"https:\/\/www.artworking.de\/galerie\/salvador-d\/\" target=\"_self\" rel=\"bookmark noopener noreferrer\">Weiterlesen<\/a>\n\t\t\t<\/div>\n\t\t\t\n\t\t\t\t\t\t\t\t\t<\/article>\n\t\t\t\t\t\t\t\t\t\t\t\t\t\t\t\t<article class=\"uagb-post__inner-wrap\">\t\t\t\t\t\t\t\t<div class='uagb-post__image'>\n\t\t\t\t\t\t\t\t\t<a href=\"https:\/\/www.artworking.de\/galerie\/ki-bilder\/\" target=\"_self\" rel=\"bookmark noopener noreferrer\" class='uagb-image-ratio-inherit'><img loading=\"lazy\" decoding=\"async\" width=\"1024\" height=\"683\" src=\"https:\/\/www.artworking.de\/galerie\/wp-content\/uploads\/sites\/2\/2025\/07\/dali_gala_unterwasser-1024x683.jpg\" class=\"attachment-large size-large\" alt=\"KI-Bilder\" srcset=\"https:\/\/www.artworking.de\/galerie\/wp-content\/uploads\/sites\/2\/2025\/07\/dali_gala_unterwasser-1024x683.jpg 1024w, https:\/\/www.artworking.de\/galerie\/wp-content\/uploads\/sites\/2\/2025\/07\/dali_gala_unterwasser-300x200.jpg 300w, https:\/\/www.artworking.de\/galerie\/wp-content\/uploads\/sites\/2\/2025\/07\/dali_gala_unterwasser-768x512.jpg 768w, https:\/\/www.artworking.de\/galerie\/wp-content\/uploads\/sites\/2\/2025\/07\/dali_gala_unterwasser.jpg 1536w\" sizes=\"auto, (max-width: 1024px) 100vw, 1024px\" title=\"KI-Bilder\" \/>\t\t\t\t\t<\/a>\n\t\t\t\t\t\t\t<\/div>\n\t\t\t\t\t\t<h4 class=\"uagb-post__title uagb-post__text\">\n\t\t\t\t<a href=\"https:\/\/www.artworking.de\/galerie\/ki-bilder\/\" target=\"_self\" rel=\"bookmark noopener noreferrer\">KI-Bilder<\/a>\n\t\t\t<\/h4>\n\t\t\t\t\t\t<div class='uagb-post__text uagb-post-grid-byline'>\n\t\t\t\t\t\t\t<\/div>\n\t\t\t\t\t\t<div class=\"uagb-post__text uagb-post__cta wp-block-button\">\n\t\t\t\t<a class=\"wp-block-button__link uagb-text-link\" style=\"\" href=\"https:\/\/www.artworking.de\/galerie\/ki-bilder\/\" target=\"_self\" rel=\"bookmark noopener noreferrer\">Weiterlesen<\/a>\n\t\t\t<\/div>\n\t\t\t\n\t\t\t\t\t\t\t\t\t<\/article>\n\t\t\t\t\t\t\t\t\t\t\t\t\t\t\t\t<article class=\"uagb-post__inner-wrap\">\t\t\t\t\t\t\t\t<div class='uagb-post__image'>\n\t\t\t\t\t\t\t\t\t<a href=\"https:\/\/www.artworking.de\/galerie\/alles-mit-links-gepunktet-und-schraffiert\/\" target=\"_self\" rel=\"bookmark noopener noreferrer\" class='uagb-image-ratio-inherit'><img loading=\"lazy\" decoding=\"async\" width=\"1024\" height=\"488\" src=\"https:\/\/www.artworking.de\/galerie\/wp-content\/uploads\/sites\/2\/2025\/09\/s1-1024x488.jpg\" class=\"attachment-large size-large\" alt=\"&quot;alles mit links- gepunktet und schraffiert&quot;\" srcset=\"https:\/\/www.artworking.de\/galerie\/wp-content\/uploads\/sites\/2\/2025\/09\/s1-1024x488.jpg 1024w, https:\/\/www.artworking.de\/galerie\/wp-content\/uploads\/sites\/2\/2025\/09\/s1-300x143.jpg 300w, https:\/\/www.artworking.de\/galerie\/wp-content\/uploads\/sites\/2\/2025\/09\/s1-768x366.jpg 768w, https:\/\/www.artworking.de\/galerie\/wp-content\/uploads\/sites\/2\/2025\/09\/s1.jpg 1263w\" sizes=\"auto, (max-width: 1024px) 100vw, 1024px\" title=\"&quot;alles mit links- gepunktet und schraffiert&quot;\" \/>\t\t\t\t\t<\/a>\n\t\t\t\t\t\t\t<\/div>\n\t\t\t\t\t\t<h4 class=\"uagb-post__title uagb-post__text\">\n\t\t\t\t<a href=\"https:\/\/www.artworking.de\/galerie\/alles-mit-links-gepunktet-und-schraffiert\/\" target=\"_self\" rel=\"bookmark noopener noreferrer\">&#8222;alles mit links- gepunktet und schraffiert&#8220;<\/a>\n\t\t\t<\/h4>\n\t\t\t\t\t\t<div class='uagb-post__text uagb-post-grid-byline'>\n\t\t\t\t\t\t\t<\/div>\n\t\t\t\t\t\t<div class=\"uagb-post__text uagb-post__cta wp-block-button\">\n\t\t\t\t<a class=\"wp-block-button__link uagb-text-link\" style=\"\" href=\"https:\/\/www.artworking.de\/galerie\/alles-mit-links-gepunktet-und-schraffiert\/\" target=\"_self\" rel=\"bookmark noopener noreferrer\">Weiterlesen<\/a>\n\t\t\t<\/div>\n\t\t\t\n\t\t\t\t\t\t\t\t\t<\/article>\n\t\t\t\t\t\t\t\t\t\t\t\t\t\t\t\t<article class=\"uagb-post__inner-wrap\">\t\t\t\t\t\t\t\t<div class='uagb-post__image'>\n\t\t\t\t\t\t\t\t\t<a href=\"https:\/\/www.artworking.de\/galerie\/liquid-colors-2\/\" target=\"_self\" rel=\"bookmark noopener noreferrer\" class='uagb-image-ratio-inherit'><img loading=\"lazy\" decoding=\"async\" width=\"1000\" height=\"750\" src=\"https:\/\/www.artworking.de\/galerie\/wp-content\/uploads\/sites\/2\/2025\/07\/liquidcolors_60x80_web1.jpg\" class=\"attachment-large size-large\" alt=\"Liquid Colors\" srcset=\"https:\/\/www.artworking.de\/galerie\/wp-content\/uploads\/sites\/2\/2025\/07\/liquidcolors_60x80_web1.jpg 1000w, https:\/\/www.artworking.de\/galerie\/wp-content\/uploads\/sites\/2\/2025\/07\/liquidcolors_60x80_web1-300x225.jpg 300w, https:\/\/www.artworking.de\/galerie\/wp-content\/uploads\/sites\/2\/2025\/07\/liquidcolors_60x80_web1-768x576.jpg 768w\" sizes=\"auto, (max-width: 1000px) 100vw, 1000px\" title=\"Liquid Colors\" \/>\t\t\t\t\t<\/a>\n\t\t\t\t\t\t\t<\/div>\n\t\t\t\t\t\t<h4 class=\"uagb-post__title uagb-post__text\">\n\t\t\t\t<a href=\"https:\/\/www.artworking.de\/galerie\/liquid-colors-2\/\" target=\"_self\" rel=\"bookmark noopener noreferrer\">Liquid Colors<\/a>\n\t\t\t<\/h4>\n\t\t\t\t\t\t<div class='uagb-post__text uagb-post-grid-byline'>\n\t\t\t\t\t\t\t<\/div>\n\t\t\t\t\t\t<div class=\"uagb-post__text uagb-post__cta wp-block-button\">\n\t\t\t\t<a class=\"wp-block-button__link uagb-text-link\" style=\"\" href=\"https:\/\/www.artworking.de\/galerie\/liquid-colors-2\/\" target=\"_self\" rel=\"bookmark noopener noreferrer\">Weiterlesen<\/a>\n\t\t\t<\/div>\n\t\t\t\n\t\t\t\t\t\t\t\t\t<\/article>\n\t\t\t\t\t\t\t\t\t\t\t\t\t<div class=\"uagb-post-pagination-wrap\">\n\t\t\t\t\t\t<span aria-current=\"page\" class=\"page-numbers current\">1<\/span>\n<a class=\"page-numbers\" href=\"https:\/\/www.artworking.de\/galerie\/wp-json\/wp\/v2\/pages\/1555\/page\/2\/\">2<\/a>\n<a class=\"page-numbers\" href=\"https:\/\/www.artworking.de\/galerie\/wp-json\/wp\/v2\/pages\/1555\/page\/3\/\">3<\/a>\n<a class=\"page-numbers\" href=\"https:\/\/www.artworking.de\/galerie\/wp-json\/wp\/v2\/pages\/1555\/page\/4\/\">4<\/a>\n<a class=\"page-numbers\" href=\"https:\/\/www.artworking.de\/galerie\/wp-json\/wp\/v2\/pages\/1555\/page\/5\/\">5<\/a>\n<a class=\"page-numbers\" href=\"https:\/\/www.artworking.de\/galerie\/wp-json\/wp\/v2\/pages\/1555\/page\/6\/\">6<\/a>\n<a class=\"next page-numbers\" href=\"https:\/\/www.artworking.de\/galerie\/wp-json\/wp\/v2\/pages\/1555\/page\/2\/\">Next \u00bb<\/a>\t\t\t\t\t<\/div>\n\t\t\t\t\t\t\t\t<\/div>\n\t\t\t\n\n\n<p class=\"has-text-align-center has-ast-global-color-0-color has-ast-global-color-4-background-color has-text-color has-background has-link-color wp-elements-381d8870a9ce3ebf455b1db5e5e0b542\">Aktuelles, Termine und Ausstellungen auch auf <a href=\"https:\/\/www.facebook.com\/artworking.de\/\" target=\"_blank\" rel=\"noopener\" title=\"\"><strong>Facebook<\/strong><\/a> und <a href=\"https:\/\/www.instagram.com\/artworking.de\/\" target=\"_blank\" rel=\"noopener\" title=\"\"><strong>Instagram<\/strong><\/a><\/p>\n\n\n\n<p><\/p>\n\n\n\n<hr class=\"wp-block-separator has-alpha-channel-opacity is-style-wide\"\/>\n\n\n\n<p>Zeichnungen, Acryl- und Mischtechniken auf Leinwand. Fotografie und Composing unter <a href=\"https:\/\/www.artworking.de\/galerie\/fotoart\/\" title=\"FotoART\"><strong>FotoART<\/strong><\/a><\/p>\n\n\n\n<h2 class=\"wp-block-heading\"><a title=\"Wilhelm Hilpert\" href=\"http:\/\/www.artworking.de\/galerie\/wilhelm-hilpert\/\">Wilhelm Hilpert<\/a><\/h2>\n\n\n\n<hr class=\"wp-block-separator has-alpha-channel-opacity is-style-wide\"\/>\n\n\n\n<p>Acrylbilder, Aquarelle und Collagen auf verschiedenen Untergr\u00fcnden<\/p>\n\n\n\n<h2 class=\"wp-block-heading\"><a title=\"Gertrud Hilpert\" href=\"http:\/\/www.artworking.de\/galerie\/gertrud-hilpert\/\">Gertrud Hilpert<\/a><\/h2>\n\n\n\n<hr class=\"wp-block-separator has-alpha-channel-opacity is-style-wide\"\/>\n\n\n\n<p>Acrylbilder und Collagen auf Leinwand<\/p>\n\n\n\n<h2 class=\"wp-block-heading\"><a title=\"Vero Hilpert\" href=\"http:\/\/www.artworking.de\/galerie\/vero-hilpert\/\">Vero Hilpert<\/a><\/h2>\n\n\n\n<hr class=\"wp-block-separator has-alpha-channel-opacity is-style-wide\"\/>\n\n\n\n<p>Bilder, Aquarelle und Gem\u00e4lde<\/p>\n\n\n\n<h2 class=\"wp-block-heading\"><a href=\"http:\/\/www.artworking.de\/galerie\/theresia-hilpert\/\" title=\"Theresia Hilpert\">+Theresia Hilpert<\/a><\/h2>\n\n\n\n<hr class=\"wp-block-separator has-alpha-channel-opacity is-style-wide\"\/>\n\n\n\n<p>Bilder, Gem\u00e4lde, Texte, Memos &#8211; 1955 &#8211; 2002<\/p>\n\n\n\n<h2 class=\"wp-block-heading\"><a href=\"https:\/\/www.artworking.de\/galerie\/anna-reichert\/\" title=\"Anna Reichert\">+Anna Reichert<\/a><\/h2>\n\n\n\n<hr class=\"wp-block-separator has-alpha-channel-opacity is-style-wide\"\/>\n\n\n\n<div style=\"height:20px\" aria-hidden=\"true\" class=\"wp-block-spacer\"><\/div>\n","protected":false},"excerpt":{"rendered":"<p>&nbsp; ARTWORKING NEWS Aktuelles, Termine und Ausstellungen auch auf Facebook und Instagram Zeichnungen, Acryl- und Mischtechniken auf Leinwand. Fotografie und Composing unter FotoART Wilhelm Hilpert Acrylbilder, Aquarelle und Collagen auf verschiedenen Untergr\u00fcnden Gertrud Hilpert Acrylbilder und Collagen auf Leinwand Vero Hilpert Bilder, Aquarelle und Gem\u00e4lde +Theresia Hilpert Bilder, Gem\u00e4lde, Texte, Memos &#8211; 1955 &#8211; 2002 [&hellip;]<\/p>\n","protected":false},"author":1,"featured_media":0,"parent":0,"menu_order":0,"comment_status":"closed","ping_status":"open","template":"","meta":{"_uag_custom_page_level_css":"","_exactmetrics_skip_tracking":false,"_exactmetrics_sitenote_active":false,"_exactmetrics_sitenote_note":"","_exactmetrics_sitenote_category":0,"site-sidebar-layout":"default","site-content-layout":"default","ast-site-content-layout":"default","site-content-style":"default","site-sidebar-style":"default","ast-global-header-display":"","ast-banner-title-visibility":"","ast-main-header-display":"","ast-hfb-above-header-display":"","ast-hfb-below-header-display":"","ast-hfb-mobile-header-display":"","site-post-title":"disabled","ast-breadcrumbs-content":"","ast-featured-img":"","footer-sml-layout":"","ast-disable-related-posts":"","theme-transparent-header-meta":"default","adv-header-id-meta":"","stick-header-meta":"","header-above-stick-meta":"","header-main-stick-meta":"","header-below-stick-meta":"","astra-migrate-meta-layouts":"set","ast-page-background-enabled":"default","ast-page-background-meta":{"desktop":{"background-color":"","background-image":"","background-repeat":"repeat","background-position":"center center","background-size":"auto","background-attachment":"scroll","background-type":"","background-media":"","overlay-type":"","overlay-color":"","overlay-opacity":"","overlay-gradient":""},"tablet":{"background-color":"","background-image":"","background-repeat":"repeat","background-position":"center center","background-size":"auto","background-attachment":"scroll","background-type":"","background-media":"","overlay-type":"","overlay-color":"","overlay-opacity":"","overlay-gradient":""},"mobile":{"background-color":"","background-image":"","background-repeat":"repeat","background-position":"center center","background-size":"auto","background-attachment":"scroll","background-type":"","background-media":"","overlay-type":"","overlay-color":"","overlay-opacity":"","overlay-gradient":""}},"ast-content-background-meta":{"desktop":{"background-color":"var(--ast-global-color-5)","background-image":"","background-repeat":"repeat","background-position":"center center","background-size":"auto","background-attachment":"scroll","background-type":"","background-media":"","overlay-type":"","overlay-color":"","overlay-opacity":"","overlay-gradient":""},"tablet":{"background-color":"var(--ast-global-color-5)","background-image":"","background-repeat":"repeat","background-position":"center center","background-size":"auto","background-attachment":"scroll","background-type":"","background-media":"","overlay-type":"","overlay-color":"","overlay-opacity":"","overlay-gradient":""},"mobile":{"background-color":"var(--ast-global-color-5)","background-image":"","background-repeat":"repeat","background-position":"center center","background-size":"auto","background-attachment":"scroll","background-type":"","background-media":"","overlay-type":"","overlay-color":"","overlay-opacity":"","overlay-gradient":""}},"pgc_sgb_lightbox_settings":"","footnotes":""},"class_list":["post-1555","page","type-page","status-publish","hentry"],"aioseo_notices":[],"uagb_featured_image_src":{"full":false,"thumbnail":false,"medium":false,"medium_large":false,"large":false,"1536x1536":false,"2048x2048":false},"uagb_author_info":{"display_name":"wadmin","author_link":"https:\/\/www.artworking.de\/galerie\/author\/admin\/"},"uagb_comment_info":0,"uagb_excerpt":"&nbsp; ARTWORKING NEWS Aktuelles, Termine und Ausstellungen auch auf Facebook und Instagram Zeichnungen, Acryl- und Mischtechniken auf Leinwand. Fotografie und Composing unter FotoART Wilhelm Hilpert Acrylbilder, Aquarelle und Collagen auf verschiedenen Untergr\u00fcnden Gertrud Hilpert Acrylbilder und Collagen auf Leinwand Vero Hilpert Bilder, Aquarelle und Gem\u00e4lde +Theresia Hilpert Bilder, Gem\u00e4lde, Texte, Memos &#8211; 1955 &#8211; 2002&hellip;","_links":{"self":[{"href":"https:\/\/www.artworking.de\/galerie\/wp-json\/wp\/v2\/pages\/1555","targetHints":{"allow":["GET"]}}],"collection":[{"href":"https:\/\/www.artworking.de\/galerie\/wp-json\/wp\/v2\/pages"}],"about":[{"href":"https:\/\/www.artworking.de\/galerie\/wp-json\/wp\/v2\/types\/page"}],"author":[{"embeddable":true,"href":"https:\/\/www.artworking.de\/galerie\/wp-json\/wp\/v2\/users\/1"}],"replies":[{"embeddable":true,"href":"https:\/\/www.artworking.de\/galerie\/wp-json\/wp\/v2\/comments?post=1555"}],"version-history":[{"count":22,"href":"https:\/\/www.artworking.de\/galerie\/wp-json\/wp\/v2\/pages\/1555\/revisions"}],"predecessor-version":[{"id":1784,"href":"https:\/\/www.artworking.de\/galerie\/wp-json\/wp\/v2\/pages\/1555\/revisions\/1784"}],"wp:attachment":[{"href":"https:\/\/www.artworking.de\/galerie\/wp-json\/wp\/v2\/media?parent=1555"}],"curies":[{"name":"wp","href":"https:\/\/api.w.org\/{rel}","templated":true}]}}